{"id":1767,"date":"2012-07-21T11:06:41","date_gmt":"2012-07-21T09:06:41","guid":{"rendered":"http:\/\/samuel.trygger.nu\/wp\/?page_id=1767"},"modified":"2012-07-22T12:05:46","modified_gmt":"2012-07-22T10:05:46","slug":"min-vag","status":"publish","type":"page","link":"http:\/\/samuel.trygger.nu\/wp\/vissangaren\/sanger\/min-vag\/","title":{"rendered":"Min v\u00e4g&#8230;"},"content":{"rendered":"<p><em>Ord: Dan Andersson. Musik: Samuel Trygger.<br \/>\nPublicerad p\u00e5 skivan<a title=\"Skivor\" href=\"http:\/\/samuel.trygger.nu\/wp\/vissangaren\/skivor\/\"><strong> Jag har dr\u00f6mt<\/strong><\/a>.<\/em><\/p>\n<pre>    F\u00a0\u00a0\u00a0\u00a0\u00a0\u00a0\u00a0\u00a0\u00a0 Dm\u00a0\u00a0\u00a0\u00a0\u00a0\u00a0 C\r\nMin v\u00e4g ligger ut genom Hagberga grind,\r\n    Bb\u00a0\u00a0\u00a0\u00a0\u00a0\u00a0\u00a0\u00a0\u00a0\u00a0\u00a0\u00a0\u00a0\u00a0\u00a0\u00a0\u00a0\u00a0\u00a0 F\u00a0\u00a0\u00a0\u00a0\u00a0\u00a0\u00a0\u00a0\u00a0\u00a0\u00a0 F\/E\r\noch d\u00e4r skall jag m\u00f6ta en kvinna. \u2014\r\n     Dm\u00a0\u00a0\u00a0\u00a0\u00a0\u00a0\u00a0 F\u00a0\u00a0\u00a0\u00a0\u00a0\u00a0\u00a0 C\r\nFr\u00e5n Torsmyren irrar en h\u00e5rd vind \u2014\r\nBb\u00a0\u00a0\u00a0\u00a0\u00a0\u00a0\u00a0\u00a0\u00a0\u00a0\u00a0\u00a0\u00a0\u00a0\u00a0\u00a0\u00a0\u00a0\u00a0\u00a0 F\r\nstj\u00e4rnorna, stj\u00e4rnorna brinna!<\/pre>\n<pre>    C\u00a0\u00a0\u00a0\u00a0\u00a0\u00a0\u00a0\u00a0\u00a0\u00a0\u00a0\u00a0\u00a0\u00a0\u00a0\u00a0\u00a0\u00a0\u00a0 Bb\r\nMin kvinna! Du \u00e4r nog en snara!\r\n      Bb\u00a0\u00a0\u00a0\u00a0\u00a0\u00a0\u00a0\u00a0\u00a0\u00a0 C\u00a0\u00a0\u00a0\u00a0\u00a0\u00a0\u00a0\u00a0\u00a0 Dm\u00a0     Dm\/E\r\nDu \u00e4r stark, du \u00e4r mognad och fin,\r\n         C\u00a0\u00a0\u00a0\u00a0\u00a0\u00a0\u00a0\u00a0\u00a0\u00a0\u00a0\u00a0\u00a0\u00a0\u00a0 Dm\u00a0     Dm\/C\r\noch mitt heta blod det m\u00e5 vara\r\n     Bb\u00a0\u00a0\u00a0\u00a0\u00a0 C\u00a0\u00a0\u00a0\u00a0\u00a0\u00a0\u00a0\u00a0 F\r\nmitt el\u00e4ndes skummande vin.<\/pre>\n<p>Vad allt kan v\u00e4l h\u00e4nda oss b\u00e4gge i natt?<br \/>\nOss, t\u00f6rstiga, hungrande sj\u00e4lar!<br \/>\nUnder tumlande rus och sm\u00e5 virriga skratt<br \/>\nkan v\u00e5r k\u00e4rlek oss g\u00f6ra till tr\u00e4lar.<\/p>\n<p>Jag skall l\u00e5ta f\u00f6rnuftet fara,<br \/>\njag skall s\u00e4ga dig kvinna: giv!<br \/>\nMen giv som en g\u00e5va, bara,<br \/>\nsom en sk\u00e4nk \u00e5t mitt fattiga liv!<\/p>\n<p>Jag \u00f6nskar jag vore som vintern kall,<br \/>\nkunde andas med frost som natten,<br \/>\nmen jag vet att om k\u00e4rlek jag tigga skall,<br \/>\nsom en sjukling tigger om vatten.<\/p>\n<p>Och ljuvt \u00e4r att h\u00f6ra i vinden<br \/>\nviskas sitt eget namn,<br \/>\natt smeka den hetaste kinden<br \/>\ni den starkastes farliga famn!<\/p>\n<p>Ty vet, att jag girigt tar vad jag f\u00e5r,<br \/>\ndet m\u00e5 b\u00e4ra \u2014 b\u00e4ra eller brista.<br \/>\nEn slav av mig sj\u00e4lv, lik en tr\u00e4l jag g\u00e5r<br \/>\natt spika min frihets kista.<\/p>\n<p>Ty du kunde bli mor, min k\u00e4ra,<br \/>\nf\u00f6r ett rus som kommer och g\u00e5r. \u2014<br \/>\nDet \u00e4r synd om kinder s\u00e5 sk\u00e4ra<br \/>\nskulle bleknas redan i \u00e5r.<\/p>\n<pre>   F\u00a0\u00a0\u00a0\u00a0\u00a0\u00a0\u00a0\u00a0\u00a0 Dm\u00a0\u00a0\u00a0\u00a0\u00a0 C\r\nNu kommer du, fyllig, varmblodig, stark,\r\n    Bb\u00a0\u00a0\u00a0\u00a0\u00a0\u00a0\u00a0\u00a0\u00a0\u00a0\u00a0\u00a0\u00a0\u00a0\u00a0\u00a0 F\u00a0\u00a0\u00a0\u00a0\u00a0\u00a0\u00a0    F\/E\r\ndin dr\u00f6mv\u00e4g i sp\u00f6kenas timma. \u2014\r\nDm\u00a0\u00a0\u00a0\u00a0\u00a0\u00a0\u00a0 F\u00a0\u00a0\u00a0\u00a0\u00a0\u00a0\u00a0\u00a0\u00a0\u00a0 C\r\nFullm\u00e5nen vaktar \u00f6ver h\u00e5rdfrusen mark \u2014\r\nBb\u00a0\u00a0\u00a0\u00a0\u00a0\u00a0\u00a0\u00a0\u00a0\u00a0\u00a0\u00a0\u00a0\u00a0\u00a0\u00a0\u00a0\u00a0\u00a0\u00a0 F\r\nstj\u00e4rnorna, stj\u00e4rnorna glimma!<\/pre>\n<hr \/>\n<p><a href=\"http:\/\/samuel.trygger.nu\/wp\/wp-content\/uploads\/2012\/07\/Samuel_Trygger-Jag_har_dromt-Min_vag.pdf\" target=\"_blank\"><strong>Text och ackordsanalys<\/strong><\/a> som PDF.<br \/>\n<a href=\"http:\/\/samuel.trygger.nu\/wp\/wp-content\/uploads\/2012\/07\/Samuel_Trygger-Jag_har_dromt-Min_vag-noter.pdf\" target=\"_blank\"><strong> Noterna<\/strong><\/a> som PDF.<\/p>\n","protected":false},"excerpt":{"rendered":"<p>Ord: Dan Andersson. Musik: Samuel Trygger. Publicerad p\u00e5 skivan Jag har dr\u00f6mt. F\u00a0\u00a0\u00a0\u00a0\u00a0\u00a0\u00a0\u00a0\u00a0 Dm\u00a0\u00a0\u00a0\u00a0\u00a0\u00a0 C Min v\u00e4g ligger ut genom Hagberga grind, Bb\u00a0\u00a0\u00a0\u00a0\u00a0\u00a0\u00a0\u00a0\u00a0\u00a0\u00a0\u00a0\u00a0\u00a0\u00a0\u00a0\u00a0\u00a0\u00a0 F\u00a0\u00a0\u00a0\u00a0\u00a0\u00a0\u00a0\u00a0\u00a0\u00a0\u00a0 F\/E och d\u00e4r skall jag m\u00f6ta en kvinna. \u2014 Dm\u00a0\u00a0\u00a0\u00a0\u00a0\u00a0\u00a0 F\u00a0\u00a0\u00a0\u00a0\u00a0\u00a0\u00a0 C Fr\u00e5n Torsmyren irrar en &hellip; <a href=\"http:\/\/samuel.trygger.nu\/wp\/vissangaren\/sanger\/min-vag\/\">L\u00e4s mer <span class=\"meta-nav\">&rarr;<\/span><\/a><\/p>\n","protected":false},"author":1,"featured_media":0,"parent":35,"menu_order":0,"comment_status":"open","ping_status":"closed","template":"","meta":{"ngg_post_thumbnail":0,"footnotes":""},"class_list":["post-1767","page","type-page","status-publish","hentry"],"_links":{"self":[{"href":"http:\/\/samuel.trygger.nu\/wp\/wp-json\/wp\/v2\/pages\/1767","targetHints":{"allow":["GET"]}}],"collection":[{"href":"http:\/\/samuel.trygger.nu\/wp\/wp-json\/wp\/v2\/pages"}],"about":[{"href":"http:\/\/samuel.trygger.nu\/wp\/wp-json\/wp\/v2\/types\/page"}],"author":[{"embeddable":true,"href":"http:\/\/samuel.trygger.nu\/wp\/wp-json\/wp\/v2\/users\/1"}],"replies":[{"embeddable":true,"href":"http:\/\/samuel.trygger.nu\/wp\/wp-json\/wp\/v2\/comments?post=1767"}],"version-history":[{"count":5,"href":"http:\/\/samuel.trygger.nu\/wp\/wp-json\/wp\/v2\/pages\/1767\/revisions"}],"predecessor-version":[{"id":1868,"href":"http:\/\/samuel.trygger.nu\/wp\/wp-json\/wp\/v2\/pages\/1767\/revisions\/1868"}],"up":[{"embeddable":true,"href":"http:\/\/samuel.trygger.nu\/wp\/wp-json\/wp\/v2\/pages\/35"}],"wp:attachment":[{"href":"http:\/\/samuel.trygger.nu\/wp\/wp-json\/wp\/v2\/media?parent=1767"}],"curies":[{"name":"wp","href":"https:\/\/api.w.org\/{rel}","templated":true}]}}